{"id":7249,"date":"2009-12-03T14:20:28","date_gmt":"2009-12-03T14:20:28","guid":{"rendered":"https:\/\/webknjizara.hr\/?product=ljudski-kapital-kao-razvojni-faktor-2009"},"modified":"2023-02-27T00:15:24","modified_gmt":"2023-02-26T23:15:24","slug":"ljudski-kapital-kao-razvojni-faktor-2009","status":"publish","type":"product","link":"https:\/\/webknjizara.hr\/en\/proizvod\/ljudski-kapital-kao-razvojni-faktor-2009\/","title":{"rendered":"LJUDSKI KAPITAL KAO RAZVOJNI FAKTOR (2009)"},"content":{"rendered":"<p style=\"text-align: justify;\">\u00a0<\/p>\n<p style=\"text-align: justify;\"><strong>Sa\u017eetak:<\/strong><br \/>Koncept human capital razvija se od 60-ih godina XX stolje\u0107a (Becker). Neki ga smatraju komplementarnim pojmu social capital (Coleman), dok ga drugi istra\u017euju u relacijama s ekonomskim kapitalom (Putnam). U ovom radu autori raspravljaju o ljudskom kapitalu u Hrvatskoj, tretiraju\u0107i ga kao klju\u010dni razvojni faktor. Polaze od pretpostavke kako taj kapital nije u cijelosti antagonisti\u010dan dru\u0161tvenom kapitalu, iako se u hrvatskom dru\u0161tvu mogu uo\u010diti neke specifi\u010dne razli\u010ditosti me\u0111u njima.<\/p>\n<p>Autori su od velja\u010de do travnja 2005. godine realizirali empirijsko sociolo\u0161ko istra\u017eivanje ljudskog kapitala u Hrvatskoj, intervjuiraju\u0107i ukupno 2916 gra\u0111ana. Svi ispitanici bili su visokoobrazovani, stariji od 30 godina i zaposleni, odnosno sa odre\u0111enim radnim iskustvom.<br \/>Oslanjaju\u0107i se na dobijene istra\u017eiva\u010dke rezultate, autori konstatiraju da se nedovoljno koriste intelektualni potencijali gra\u0111ana, budu\u0107i se njihovo ste\u010deno znanje ne uspijeva kapitalizirati ili primijeniti, kako bi njegovi nositelji imali nekakvih koristi. Opisuju se pote\u0161ko\u0107e koje su zna\u010dajnija zapreka komercijaliziranju znanja i inovacija u Hrvatskoj.<br \/>Tako\u0111er se ilustrira zna\u010daj na\u010dina i principa komuniciranja, odnosno relevantnost komunikolo\u0161kih praksi u Hrvatskoj. Cjelovita rasprava kontekstualizira se u aktualna dru\u0161tvena stanja i odnose u Hrvatskoj po\u010detkom 2005. godine. Koriste\u0107i se deskripcijama tr\u017ei\u0161ta i nizom drugih stavova i mi\u0161ljenja ispitanih gra\u0111ana, autori prognoziraju relevantne mjere koje bi mogle ubrzavati ekonomski razvitak Hrvatske.<br \/>Kona\u010dno, zaklju\u010duju kako je na svim dru\u0161tvenim nivoima u Hrvatskoj nu\u017eno ubrzanije i svrsishodnije razvijati takve dru\u0161tvene uvjete koji \u0107e efikasnije uvoditi inovacije na lokalnim, regionalnim i nacionalnim razinama. Istovremeno, neophodno je organizirano stvarati op\u0107u dru\u0161tvenu klimu u kojoj bi se op\u0107enito razvijala kultura pona\u0161anja, te afirmirale pretpostavke komercijalizacije znanja, te kontinuiranog educiranja (ve\u0107)obrazovanih, itd.<\/p>\n<p><strong>Bilje\u0161ka o autorima:<\/strong><br \/><strong>An\u010di Leburi\u0107<\/strong>, redovna je profesorica na katedri sociolo\u0161ke metodologije, Odsjeka za sociologiju Filozofskog fakulteta u Splitu. Objavljuje znanstvene radove iz metodologije dru\u0161tvenih i humanisti\u010dkih istra\u017eivanja, te empirijske studije iz posebnih sociologija. Nositeljica je kolegija na preddiplomskim, diplomskim i doktorskim studijima u zemlji i inozemstvu. Urednica je nekoliko biblioteka u kojima se objavljuju metodolo\u0161ke i sociolo\u0161ke studije. Vodi i sudjeluje u me\u0111unarodnim projektima u kojima se istra\u017euju razvojne, kulturolo\u0161ke, medijske, socijalno-ekolo\u0161ke, urbane i dr. teme. \u010clanica je nekoliko stru\u010dnih asocijacija, te predsjednica Splitske podru\u017enice Hrvatskoga sociolo\u0161kog dru\u0161tva od 2006 god. <\/p>\n<p> <strong>e-mail:<\/strong> <a href=\"mailto:anci@ffst.hr\">An\u010di Leburi\u0107<\/a><br \/><strong>web:<\/strong> <a href=\"http:\/\/www.ancileburic.com\" target=\"_blank\" rel=\"noopener\">www.ancileburic.com<br \/><\/a><br \/> <strong>Zorana \u0160uljug Vu\u010dica<\/strong>, ro\u0111ena 1980. u Splitu, diplomira na Sveu\u010dili\u0161tu u Zadru 2004. sociologiju i en\u00acgleskogi jezik i knji\u017eevnost.Od velja\u010de 2006. asistentica je na Odsjeku za sociologiju Filozofskog fakulteta u Splitu. Sura\u0111ivala je u sociolo\u0161kim istra\u017eivanjima \u017divotni stilovi mladih u Hrvatskoj (2001), Profil poduzetnika (2003) i Jezik u medijima (2007). Suautorica je knjige Legalna ilegala: Sociolo\u0161ko istra\u017eivanje neplanske izgradnje u Splitu (Split, Naklada Bo\u0161kovi\u0107, 2005).\u00a0 Doktorandica je na poslijediplomskom doktorskom studiju sociologije na Filozofskom fakultetu Sveu\u010dili\u0161ta u Zagrebu. \u010clanica je Hrvatskoga sociolo\u0161koga dru\u0161tva i tajnica Splitske Podru\u017enice Hrvatskoga sociolo\u0161koga dru\u0161tva, osnovane 2006. godine.<\/p>\n<p> <strong>e-mail:<\/strong> <a href=\"mailto:zorana@ffst.hr\">Zorana \u0160uljug Vu\u010dica<\/a><\/p>\n<p> <strong>Vjekoslav Afri\u0107<\/strong>, redoviti profesor na Odsjeku za sociologiju Filozofskog fakulteta u Zagrebu; voditelj Studija antropologije i Nacionalnog me\u0111usveu\u010dili\u0161nog doktorskog studija sociologije i gostuju\u0107i profesor na Odsjeku za sociologiju Filozofskog fakulteta u Splitu. Istra\u017euje i objavljuje radove iz metodologije dru\u0161tvenih i humanisti\u010dkih znanosti, teorijske sociologije, socioinformatike i socijalne antropologije. <br \/>Suautor je nekoliko istra\u017eiva\u010dkih studija i autor knjige Struktura sociolo\u0161ke teorije (Naprijed, Zagreb 1989.), te niza radova u \u010dasopisima i konferencijskim zbornicima.<br \/>\u010clan je Hrvatskog sociolo\u0161kog dru\u0161tva, Hrvatskog filozofskog dru\u0161tva i Matice hrvatske.<\/p>\n<p><strong>e-mail<\/strong>: <a href=\"mailto:vafric@ffzg.hr\">Vjekoslav Afri\u0107<\/a><\/p>\n<p><strong>Naslov: <\/strong>LJUDSKI KAPITAL KAO RAZVOJNI FAKTOR<br \/><strong>Autor: <\/strong>An\u010di Leburi\u0107, Vjekoslav Afri\u0107, Zorana \u0160uljug Vu\u010dica<br \/><strong>Broj stranica:<\/strong> 146<br \/><strong>Nakladnik:<\/strong> Redak<br \/><strong>Godina izdanja:<\/strong> 2009<br \/><strong>ISBN:<\/strong> 978-953-7595-08-1<br \/><strong>Prilog:<\/strong> CD s tabli\u010dnim i grafi\u010dkim prilozima<br \/><strong>Tisak:<\/strong> digitalni tisak knjiga &#8211; print na zahtjev<\/p>\n","protected":false},"excerpt":{"rendered":"<p>Sociolo\u0161ko istra\u017eivanje u Hrvatskoj (2009), An\u010di Leburi\u0107, Vjekoslav Afri\u0107, Zorana \u0160uljug Vu\u010dica<br \/>\n<br \/>\n<i><b>Human Capital as Major Development Factor: Sociological Research in Croatia (2009)<\/b><\/i><br \/>\n<br \/>Znanstvena monografija &#8211; empirijska studija<\/p>\n","protected":false},"featured_media":7250,"comment_status":"open","ping_status":"closed","template":"","meta":{"_acf_changed":false},"product_brand":[],"product_cat":[1539],"product_tag":[],"class_list":{"0":"post-7249","1":"product","2":"type-product","3":"status-publish","4":"has-post-thumbnail","6":"product_cat-sveucilisni-udzbenici-i-prirucnici","7":"pa_nakladnik-redak","9":"first","10":"instock","11":"shipping-taxable","12":"purchasable","13":"product-type-simple"},"acf":[],"yoast_head":"<!-- This site is optimized with the Yoast SEO plugin v27.3 - https:\/\/yoast.com\/product\/yoast-seo-wordpress\/ -->\n<title>LJUDSKI KAPITAL KAO RAZVOJNI FAKTOR (2009) - Web-knji\u017eara<\/title>\n<meta name=\"robots\" content=\"index, follow, max-snippet:-1, max-image-preview:large, max-video-preview:-1\" \/>\n<link rel=\"canonical\" href=\"https:\/\/webknjizara.hr\/proizvod\/ljudski-kapital-kao-razvojni-faktor-2009\/\" \/>\n<meta property=\"og:locale\" content=\"en_US\" \/>\n<meta property=\"og:type\" content=\"article\" \/>\n<meta property=\"og:title\" content=\"LJUDSKI KAPITAL KAO RAZVOJNI FAKTOR (2009) - Web-knji\u017eara\" \/>\n<meta property=\"og:description\" content=\"Sociolo\u0161ko istra\u017eivanje u Hrvatskoj (2009), An\u010di Leburi\u0107, Vjekoslav Afri\u0107, Zorana \u0160uljug Vu\u010dica  Human Capital as Major Development Factor: Sociological Research in Croatia (2009) Znanstvena monografija - empirijska studija\" \/>\n<meta property=\"og:url\" content=\"https:\/\/webknjizara.hr\/proizvod\/ljudski-kapital-kao-razvojni-faktor-2009\/\" \/>\n<meta property=\"og:site_name\" content=\"Web-knji\u017eara\" \/>\n<meta property=\"article:modified_time\" content=\"2023-02-26T23:15:24+00:00\" \/>\n<meta property=\"og:image\" content=\"https:\/\/webknjizara.hr\/wp-content\/uploads\/nc\/images\/virtuemart\/product\/ljudski-kapital-4cb6dea6b4a06.jpg\" \/>\n\t<meta property=\"og:image:width\" content=\"283\" \/>\n\t<meta property=\"og:image:height\" content=\"402\" \/>\n\t<meta property=\"og:image:type\" content=\"image\/jpeg\" \/>\n<meta name=\"twitter:card\" content=\"summary_large_image\" \/>\n<meta name=\"twitter:label1\" content=\"Est. reading time\" \/>\n\t<meta name=\"twitter:data1\" content=\"3 minutes\" \/>\n<script type=\"application\/ld+json\" class=\"yoast-schema-graph\">{\"@context\":\"https:\\\/\\\/schema.org\",\"@graph\":[{\"@type\":\"WebPage\",\"@id\":\"https:\\\/\\\/webknjizara.hr\\\/proizvod\\\/ljudski-kapital-kao-razvojni-faktor-2009\\\/\",\"url\":\"https:\\\/\\\/webknjizara.hr\\\/proizvod\\\/ljudski-kapital-kao-razvojni-faktor-2009\\\/\",\"name\":\"LJUDSKI KAPITAL KAO RAZVOJNI FAKTOR (2009) - Web-knji\u017eara\",\"isPartOf\":{\"@id\":\"https:\\\/\\\/webknjizara.hr\\\/#website\"},\"primaryImageOfPage\":{\"@id\":\"https:\\\/\\\/webknjizara.hr\\\/proizvod\\\/ljudski-kapital-kao-razvojni-faktor-2009\\\/#primaryimage\"},\"image\":{\"@id\":\"https:\\\/\\\/webknjizara.hr\\\/proizvod\\\/ljudski-kapital-kao-razvojni-faktor-2009\\\/#primaryimage\"},\"thumbnailUrl\":\"https:\\\/\\\/webknjizara.hr\\\/wp-content\\\/uploads\\\/nc\\\/images\\\/virtuemart\\\/product\\\/ljudski-kapital-4cb6dea6b4a06.jpg\",\"datePublished\":\"2009-12-03T14:20:28+00:00\",\"dateModified\":\"2023-02-26T23:15:24+00:00\",\"breadcrumb\":{\"@id\":\"https:\\\/\\\/webknjizara.hr\\\/proizvod\\\/ljudski-kapital-kao-razvojni-faktor-2009\\\/#breadcrumb\"},\"inLanguage\":\"en-US\",\"potentialAction\":[{\"@type\":\"ReadAction\",\"target\":[\"https:\\\/\\\/webknjizara.hr\\\/proizvod\\\/ljudski-kapital-kao-razvojni-faktor-2009\\\/\"]}]},{\"@type\":\"ImageObject\",\"inLanguage\":\"en-US\",\"@id\":\"https:\\\/\\\/webknjizara.hr\\\/proizvod\\\/ljudski-kapital-kao-razvojni-faktor-2009\\\/#primaryimage\",\"url\":\"https:\\\/\\\/webknjizara.hr\\\/wp-content\\\/uploads\\\/nc\\\/images\\\/virtuemart\\\/product\\\/ljudski-kapital-4cb6dea6b4a06.jpg\",\"contentUrl\":\"https:\\\/\\\/webknjizara.hr\\\/wp-content\\\/uploads\\\/nc\\\/images\\\/virtuemart\\\/product\\\/ljudski-kapital-4cb6dea6b4a06.jpg\",\"width\":283,\"height\":402,\"caption\":\"LJUDSKI KAPITAL KAO RAZVOJNI FAKTOR (2009)\"},{\"@type\":\"BreadcrumbList\",\"@id\":\"https:\\\/\\\/webknjizara.hr\\\/proizvod\\\/ljudski-kapital-kao-razvojni-faktor-2009\\\/#breadcrumb\",\"itemListElement\":[{\"@type\":\"ListItem\",\"position\":1,\"name\":\"Po\u010detna stranica\",\"item\":\"https:\\\/\\\/webknjizara.hr\\\/en\\\/\"},{\"@type\":\"ListItem\",\"position\":2,\"name\":\"Shop\",\"item\":\"https:\\\/\\\/webknjizara.hr\\\/shop\\\/\"},{\"@type\":\"ListItem\",\"position\":3,\"name\":\"LJUDSKI KAPITAL KAO RAZVOJNI FAKTOR (2009)\"}]},{\"@type\":\"WebSite\",\"@id\":\"https:\\\/\\\/webknjizara.hr\\\/#website\",\"url\":\"https:\\\/\\\/webknjizara.hr\\\/\",\"name\":\"Web Knji\u017eara\",\"description\":\"\",\"publisher\":{\"@id\":\"https:\\\/\\\/webknjizara.hr\\\/#organization\"},\"potentialAction\":[{\"@type\":\"SearchAction\",\"target\":{\"@type\":\"EntryPoint\",\"urlTemplate\":\"https:\\\/\\\/webknjizara.hr\\\/?s={search_term_string}\"},\"query-input\":{\"@type\":\"PropertyValueSpecification\",\"valueRequired\":true,\"valueName\":\"search_term_string\"}}],\"inLanguage\":\"en-US\"},{\"@type\":\"Organization\",\"@id\":\"https:\\\/\\\/webknjizara.hr\\\/#organization\",\"name\":\"REDAK D.O.O.\",\"url\":\"https:\\\/\\\/webknjizara.hr\\\/\",\"logo\":{\"@type\":\"ImageObject\",\"inLanguage\":\"en-US\",\"@id\":\"https:\\\/\\\/webknjizara.hr\\\/#\\\/schema\\\/logo\\\/image\\\/\",\"url\":\"https:\\\/\\\/webknjizara.hr\\\/wp-content\\\/uploads\\\/2023\\\/01\\\/web-knjizara-logo.webp\",\"contentUrl\":\"https:\\\/\\\/webknjizara.hr\\\/wp-content\\\/uploads\\\/2023\\\/01\\\/web-knjizara-logo.webp\",\"width\":324,\"height\":79,\"caption\":\"REDAK D.O.O.\"},\"image\":{\"@id\":\"https:\\\/\\\/webknjizara.hr\\\/#\\\/schema\\\/logo\\\/image\\\/\"}}]}<\/script>\n<!-- \/ Yoast SEO plugin. -->","yoast_head_json":{"title":"LJUDSKI KAPITAL KAO RAZVOJNI FAKTOR (2009) - Web-knji\u017eara","robots":{"index":"index","follow":"follow","max-snippet":"max-snippet:-1","max-image-preview":"max-image-preview:large","max-video-preview":"max-video-preview:-1"},"canonical":"https:\/\/webknjizara.hr\/proizvod\/ljudski-kapital-kao-razvojni-faktor-2009\/","og_locale":"en_US","og_type":"article","og_title":"LJUDSKI KAPITAL KAO RAZVOJNI FAKTOR (2009) - Web-knji\u017eara","og_description":"Sociolo\u0161ko istra\u017eivanje u Hrvatskoj (2009), An\u010di Leburi\u0107, Vjekoslav Afri\u0107, Zorana \u0160uljug Vu\u010dica  Human Capital as Major Development Factor: Sociological Research in Croatia (2009) Znanstvena monografija - empirijska studija","og_url":"https:\/\/webknjizara.hr\/proizvod\/ljudski-kapital-kao-razvojni-faktor-2009\/","og_site_name":"Web-knji\u017eara","article_modified_time":"2023-02-26T23:15:24+00:00","og_image":[{"width":283,"height":402,"url":"https:\/\/webknjizara.hr\/wp-content\/uploads\/nc\/images\/virtuemart\/product\/ljudski-kapital-4cb6dea6b4a06.jpg","type":"image\/jpeg"}],"twitter_card":"summary_large_image","twitter_misc":{"Est. reading time":"3 minutes"},"schema":{"@context":"https:\/\/schema.org","@graph":[{"@type":"WebPage","@id":"https:\/\/webknjizara.hr\/proizvod\/ljudski-kapital-kao-razvojni-faktor-2009\/","url":"https:\/\/webknjizara.hr\/proizvod\/ljudski-kapital-kao-razvojni-faktor-2009\/","name":"LJUDSKI KAPITAL KAO RAZVOJNI FAKTOR (2009) - Web-knji\u017eara","isPartOf":{"@id":"https:\/\/webknjizara.hr\/#website"},"primaryImageOfPage":{"@id":"https:\/\/webknjizara.hr\/proizvod\/ljudski-kapital-kao-razvojni-faktor-2009\/#primaryimage"},"image":{"@id":"https:\/\/webknjizara.hr\/proizvod\/ljudski-kapital-kao-razvojni-faktor-2009\/#primaryimage"},"thumbnailUrl":"https:\/\/webknjizara.hr\/wp-content\/uploads\/nc\/images\/virtuemart\/product\/ljudski-kapital-4cb6dea6b4a06.jpg","datePublished":"2009-12-03T14:20:28+00:00","dateModified":"2023-02-26T23:15:24+00:00","breadcrumb":{"@id":"https:\/\/webknjizara.hr\/proizvod\/ljudski-kapital-kao-razvojni-faktor-2009\/#breadcrumb"},"inLanguage":"en-US","potentialAction":[{"@type":"ReadAction","target":["https:\/\/webknjizara.hr\/proizvod\/ljudski-kapital-kao-razvojni-faktor-2009\/"]}]},{"@type":"ImageObject","inLanguage":"en-US","@id":"https:\/\/webknjizara.hr\/proizvod\/ljudski-kapital-kao-razvojni-faktor-2009\/#primaryimage","url":"https:\/\/webknjizara.hr\/wp-content\/uploads\/nc\/images\/virtuemart\/product\/ljudski-kapital-4cb6dea6b4a06.jpg","contentUrl":"https:\/\/webknjizara.hr\/wp-content\/uploads\/nc\/images\/virtuemart\/product\/ljudski-kapital-4cb6dea6b4a06.jpg","width":283,"height":402,"caption":"LJUDSKI KAPITAL KAO RAZVOJNI FAKTOR (2009)"},{"@type":"BreadcrumbList","@id":"https:\/\/webknjizara.hr\/proizvod\/ljudski-kapital-kao-razvojni-faktor-2009\/#breadcrumb","itemListElement":[{"@type":"ListItem","position":1,"name":"Po\u010detna stranica","item":"https:\/\/webknjizara.hr\/en\/"},{"@type":"ListItem","position":2,"name":"Shop","item":"https:\/\/webknjizara.hr\/shop\/"},{"@type":"ListItem","position":3,"name":"LJUDSKI KAPITAL KAO RAZVOJNI FAKTOR (2009)"}]},{"@type":"WebSite","@id":"https:\/\/webknjizara.hr\/#website","url":"https:\/\/webknjizara.hr\/","name":"Web Knji\u017eara","description":"","publisher":{"@id":"https:\/\/webknjizara.hr\/#organization"},"potentialAction":[{"@type":"SearchAction","target":{"@type":"EntryPoint","urlTemplate":"https:\/\/webknjizara.hr\/?s={search_term_string}"},"query-input":{"@type":"PropertyValueSpecification","valueRequired":true,"valueName":"search_term_string"}}],"inLanguage":"en-US"},{"@type":"Organization","@id":"https:\/\/webknjizara.hr\/#organization","name":"REDAK D.O.O.","url":"https:\/\/webknjizara.hr\/","logo":{"@type":"ImageObject","inLanguage":"en-US","@id":"https:\/\/webknjizara.hr\/#\/schema\/logo\/image\/","url":"https:\/\/webknjizara.hr\/wp-content\/uploads\/2023\/01\/web-knjizara-logo.webp","contentUrl":"https:\/\/webknjizara.hr\/wp-content\/uploads\/2023\/01\/web-knjizara-logo.webp","width":324,"height":79,"caption":"REDAK D.O.O."},"image":{"@id":"https:\/\/webknjizara.hr\/#\/schema\/logo\/image\/"}}]}},"_links":{"self":[{"href":"https:\/\/webknjizara.hr\/en\/wp-json\/wp\/v2\/product\/7249","targetHints":{"allow":["GET"]}}],"collection":[{"href":"https:\/\/webknjizara.hr\/en\/wp-json\/wp\/v2\/product"}],"about":[{"href":"https:\/\/webknjizara.hr\/en\/wp-json\/wp\/v2\/types\/product"}],"replies":[{"embeddable":true,"href":"https:\/\/webknjizara.hr\/en\/wp-json\/wp\/v2\/comments?post=7249"}],"wp:featuredmedia":[{"embeddable":true,"href":"https:\/\/webknjizara.hr\/en\/wp-json\/wp\/v2\/media\/7250"}],"wp:attachment":[{"href":"https:\/\/webknjizara.hr\/en\/wp-json\/wp\/v2\/media?parent=7249"}],"wp:term":[{"taxonomy":"product_brand","embeddable":true,"href":"https:\/\/webknjizara.hr\/en\/wp-json\/wp\/v2\/product_brand?post=7249"},{"taxonomy":"product_cat","embeddable":true,"href":"https:\/\/webknjizara.hr\/en\/wp-json\/wp\/v2\/product_cat?post=7249"},{"taxonomy":"product_tag","embeddable":true,"href":"https:\/\/webknjizara.hr\/en\/wp-json\/wp\/v2\/product_tag?post=7249"}],"curies":[{"name":"wp","href":"https:\/\/api.w.org\/{rel}","templated":true}]}}