{"id":21705,"date":"2026-04-25T01:12:11","date_gmt":"2026-04-24T23:12:11","guid":{"rendered":"https:\/\/webknjizara.hr\/?post_type=product&#038;p=21705"},"modified":"2026-04-25T01:12:12","modified_gmt":"2026-04-24T23:12:12","slug":"nestao-strani-drzavljanin-ivana-miletic","status":"publish","type":"product","link":"https:\/\/webknjizara.hr\/en\/proizvod\/nestao-strani-drzavljanin-ivana-miletic\/","title":{"rendered":"NESTAO STRANI DR\u017dAVLJANIN, Ivana Mileti\u0107"},"content":{"rendered":"<p>Kada Marokanac Hassan u novogodi\u0161nje jutro nestaje u Splitu, njegova supruga Milijana ne dvoji ni trenutka: krivci su njezin otac i brat. Fabijan i Nikola, tradicionalni ljudi \u010dvrstih na\u010dela kojima je obitelj na prvom mjestu, nikada nisu prihvatili \u010dovjeka koji im je u\u0161ao u \u017eivote i razorio sve u \u0161to su vjerovali. No, istina je slo\u017eenija. Inspektori Matilda i Stipe otkrivaju godine nasilja koje je sustav ignorirao, susjede koji se nisu htjeli \u201cpetljati\u201d, rodbinu koja se nije \u017eeljela \u201czamjerati\u201d i majku koja je trebala opravdati svoj izbor. Koliko daleko \u010dovjek mo\u017ee i\u0107i da za\u0161titi one koje voli? I \u0161to ostaje kada zakon ne uspije pomo\u0107i?<\/p>\n<p><strong>Bilje\u0161ka o autorici:<\/strong> Ivana Mileti\u0107 doktorica je znanosti iz podru\u010dja ribarstva, te se profesionalno bavi me\u0111unarodnim poslovima i javnim djelovanjem. Fotografija joj je hobi, a 2015. godine stekla je po\u010dasno zvanje AFIAP (Artist of the International Federation of Photographic Art). Sudjelovala je na brojnim doma\u0107im i me\u0111unarodnim salonima fotografije te osvojila brojna priznanja. Pisanje je njen dugogodi\u0161nji\u00a0oblik izra\u017eavanja\u00a0i unutarnjeg istra\u017eivanja. U svojim tekstovima istra\u017euje emocije, duhovnost, intuiciju, psihologiju odnosa i na\u010din na koji ljudi reagiraju u razli\u010ditim situacijama. U pisanju se oslanja na izra\u017eenu mo\u0107 opa\u017eanja, a \u010desto spaja racionalno i intuitivno, stvaraju\u0107i atmosferu u kojoj se istina otkriva postupno, kroz sitne pojedinosti. Zbirku pri\u010da \u201eDo\u0111i da ti ne\u0161to ka\u017eem\u201c (2025.) objavila je i u engleskom izdanju, pod naslovom \u201eCome, Let Me Tell You Something\u201c, a roman \u201eNestao strani dr\u017eavljanin\u201c njena je druga knjiga.<\/p>\n<p><strong>Klju\u010dne rije\u010di:<\/strong> Nestanak, misterija, krimi\u0107, obitelj, pravosu\u0111e, nasilje, roman, Split,<\/p>\n<p><strong>Link:<\/strong> www.ivana-miletic.com<\/p>\n<p><strong>Naslov:<\/strong> Nestao strani dr\u017eavljanin<br \/>\n<strong>Autorica:<\/strong> Ivana Mileti\u0107<br \/>\n<strong>Broj stranica:<\/strong> 248<br \/>\n<strong>Nakladnik:<\/strong> Redak<br \/>\n<strong>Godina izdanja:<\/strong> 2026.<br \/>\n<strong>ISBN:<\/strong> 978-953-395-169-0<br \/>\n<strong>Tisak:<\/strong> digitalni tisak knjiga &#8211; print na zahtjev<\/p>\n","protected":false},"excerpt":{"rendered":"<p>Kada Marokanac Hassan u novogodi\u0161nje jutro nestaje u Splitu, njegova supruga Milijana ne dvoji ni trenutka: krivci su njezin otac i brat. Fabijan i Nikola, tradicionalni ljudi \u010dvrstih na\u010dela kojima je obitelj na prvom mjestu, nikada nisu prihvatili \u010dovjeka koji im je u\u0161ao u \u017eivote i razorio sve u \u0161to su vjerovali. No, istina je [&hellip;]<\/p>\n","protected":false},"featured_media":21706,"comment_status":"open","ping_status":"closed","template":"","meta":{"_acf_changed":false},"product_brand":[],"product_cat":[1605],"product_tag":[],"class_list":{"0":"post-21705","1":"product","2":"type-product","3":"status-publish","4":"has-post-thumbnail","6":"product_cat-roman","7":"pa_autor-ivana-miletic","8":"pa_nakladnik-redak","10":"first","11":"instock","12":"shipping-taxable","13":"purchasable","14":"product-type-simple"},"acf":[],"yoast_head":"<!-- This site is optimized with the Yoast SEO plugin v27.3 - https:\/\/yoast.com\/product\/yoast-seo-wordpress\/ -->\n<title>NESTAO STRANI DR\u017dAVLJANIN, Ivana Mileti\u0107 - Web-knji\u017eara<\/title>\n<meta name=\"robots\" content=\"index, follow, max-snippet:-1, max-image-preview:large, max-video-preview:-1\" \/>\n<link rel=\"canonical\" href=\"https:\/\/webknjizara.hr\/proizvod\/nestao-strani-drzavljanin-ivana-miletic\/\" \/>\n<meta property=\"og:locale\" content=\"en_US\" \/>\n<meta property=\"og:type\" content=\"article\" \/>\n<meta property=\"og:title\" content=\"NESTAO STRANI DR\u017dAVLJANIN, Ivana Mileti\u0107 - Web-knji\u017eara\" \/>\n<meta property=\"og:description\" content=\"Kada Marokanac Hassan u novogodi\u0161nje jutro nestaje u Splitu, njegova supruga Milijana ne dvoji ni trenutka: krivci su njezin otac i brat. Fabijan i Nikola, tradicionalni ljudi \u010dvrstih na\u010dela kojima je obitelj na prvom mjestu, nikada nisu prihvatili \u010dovjeka koji im je u\u0161ao u \u017eivote i razorio sve u \u0161to su vjerovali. No, istina je [&hellip;]\" \/>\n<meta property=\"og:url\" content=\"https:\/\/webknjizara.hr\/proizvod\/nestao-strani-drzavljanin-ivana-miletic\/\" \/>\n<meta property=\"og:site_name\" content=\"Web-knji\u017eara\" \/>\n<meta property=\"article:modified_time\" content=\"2026-04-24T23:12:12+00:00\" \/>\n<meta property=\"og:image\" content=\"https:\/\/webknjizara.hr\/wp-content\/uploads\/2026\/04\/Ivana_Miletic_Nestao_strani_drzavljanin_webknjizara_redak_WEB_1851.jpg\" \/>\n\t<meta property=\"og:image:width\" content=\"300\" \/>\n\t<meta property=\"og:image:height\" content=\"419\" \/>\n\t<meta property=\"og:image:type\" content=\"image\/jpeg\" \/>\n<meta name=\"twitter:card\" content=\"summary_large_image\" \/>\n<meta name=\"twitter:label1\" content=\"Est. reading time\" \/>\n\t<meta name=\"twitter:data1\" content=\"2 minutes\" \/>\n<script type=\"application\/ld+json\" class=\"yoast-schema-graph\">{\"@context\":\"https:\\\/\\\/schema.org\",\"@graph\":[{\"@type\":\"WebPage\",\"@id\":\"https:\\\/\\\/webknjizara.hr\\\/proizvod\\\/nestao-strani-drzavljanin-ivana-miletic\\\/\",\"url\":\"https:\\\/\\\/webknjizara.hr\\\/proizvod\\\/nestao-strani-drzavljanin-ivana-miletic\\\/\",\"name\":\"NESTAO STRANI DR\u017dAVLJANIN, Ivana Mileti\u0107 - Web-knji\u017eara\",\"isPartOf\":{\"@id\":\"https:\\\/\\\/webknjizara.hr\\\/#website\"},\"primaryImageOfPage\":{\"@id\":\"https:\\\/\\\/webknjizara.hr\\\/proizvod\\\/nestao-strani-drzavljanin-ivana-miletic\\\/#primaryimage\"},\"image\":{\"@id\":\"https:\\\/\\\/webknjizara.hr\\\/proizvod\\\/nestao-strani-drzavljanin-ivana-miletic\\\/#primaryimage\"},\"thumbnailUrl\":\"https:\\\/\\\/webknjizara.hr\\\/wp-content\\\/uploads\\\/2026\\\/04\\\/Ivana_Miletic_Nestao_strani_drzavljanin_webknjizara_redak_WEB_1851.jpg\",\"datePublished\":\"2026-04-24T23:12:11+00:00\",\"dateModified\":\"2026-04-24T23:12:12+00:00\",\"breadcrumb\":{\"@id\":\"https:\\\/\\\/webknjizara.hr\\\/proizvod\\\/nestao-strani-drzavljanin-ivana-miletic\\\/#breadcrumb\"},\"inLanguage\":\"en-US\",\"potentialAction\":[{\"@type\":\"ReadAction\",\"target\":[\"https:\\\/\\\/webknjizara.hr\\\/proizvod\\\/nestao-strani-drzavljanin-ivana-miletic\\\/\"]}]},{\"@type\":\"ImageObject\",\"inLanguage\":\"en-US\",\"@id\":\"https:\\\/\\\/webknjizara.hr\\\/proizvod\\\/nestao-strani-drzavljanin-ivana-miletic\\\/#primaryimage\",\"url\":\"https:\\\/\\\/webknjizara.hr\\\/wp-content\\\/uploads\\\/2026\\\/04\\\/Ivana_Miletic_Nestao_strani_drzavljanin_webknjizara_redak_WEB_1851.jpg\",\"contentUrl\":\"https:\\\/\\\/webknjizara.hr\\\/wp-content\\\/uploads\\\/2026\\\/04\\\/Ivana_Miletic_Nestao_strani_drzavljanin_webknjizara_redak_WEB_1851.jpg\",\"width\":300,\"height\":419,\"caption\":\"NESTAO STRANI DR\u017dAVLJANIN, Ivana Mileti\u0107\"},{\"@type\":\"BreadcrumbList\",\"@id\":\"https:\\\/\\\/webknjizara.hr\\\/proizvod\\\/nestao-strani-drzavljanin-ivana-miletic\\\/#breadcrumb\",\"itemListElement\":[{\"@type\":\"ListItem\",\"position\":1,\"name\":\"Po\u010detna stranica\",\"item\":\"https:\\\/\\\/webknjizara.hr\\\/en\\\/\"},{\"@type\":\"ListItem\",\"position\":2,\"name\":\"Shop\",\"item\":\"https:\\\/\\\/webknjizara.hr\\\/shop\\\/\"},{\"@type\":\"ListItem\",\"position\":3,\"name\":\"NESTAO STRANI DR\u017dAVLJANIN, Ivana Mileti\u0107\"}]},{\"@type\":\"WebSite\",\"@id\":\"https:\\\/\\\/webknjizara.hr\\\/#website\",\"url\":\"https:\\\/\\\/webknjizara.hr\\\/\",\"name\":\"Web Knji\u017eara\",\"description\":\"\",\"publisher\":{\"@id\":\"https:\\\/\\\/webknjizara.hr\\\/#organization\"},\"potentialAction\":[{\"@type\":\"SearchAction\",\"target\":{\"@type\":\"EntryPoint\",\"urlTemplate\":\"https:\\\/\\\/webknjizara.hr\\\/?s={search_term_string}\"},\"query-input\":{\"@type\":\"PropertyValueSpecification\",\"valueRequired\":true,\"valueName\":\"search_term_string\"}}],\"inLanguage\":\"en-US\"},{\"@type\":\"Organization\",\"@id\":\"https:\\\/\\\/webknjizara.hr\\\/#organization\",\"name\":\"REDAK D.O.O.\",\"url\":\"https:\\\/\\\/webknjizara.hr\\\/\",\"logo\":{\"@type\":\"ImageObject\",\"inLanguage\":\"en-US\",\"@id\":\"https:\\\/\\\/webknjizara.hr\\\/#\\\/schema\\\/logo\\\/image\\\/\",\"url\":\"https:\\\/\\\/webknjizara.hr\\\/wp-content\\\/uploads\\\/2023\\\/01\\\/web-knjizara-logo.webp\",\"contentUrl\":\"https:\\\/\\\/webknjizara.hr\\\/wp-content\\\/uploads\\\/2023\\\/01\\\/web-knjizara-logo.webp\",\"width\":324,\"height\":79,\"caption\":\"REDAK D.O.O.\"},\"image\":{\"@id\":\"https:\\\/\\\/webknjizara.hr\\\/#\\\/schema\\\/logo\\\/image\\\/\"}}]}<\/script>\n<!-- \/ Yoast SEO plugin. -->","yoast_head_json":{"title":"NESTAO STRANI DR\u017dAVLJANIN, Ivana Mileti\u0107 - Web-knji\u017eara","robots":{"index":"index","follow":"follow","max-snippet":"max-snippet:-1","max-image-preview":"max-image-preview:large","max-video-preview":"max-video-preview:-1"},"canonical":"https:\/\/webknjizara.hr\/proizvod\/nestao-strani-drzavljanin-ivana-miletic\/","og_locale":"en_US","og_type":"article","og_title":"NESTAO STRANI DR\u017dAVLJANIN, Ivana Mileti\u0107 - Web-knji\u017eara","og_description":"Kada Marokanac Hassan u novogodi\u0161nje jutro nestaje u Splitu, njegova supruga Milijana ne dvoji ni trenutka: krivci su njezin otac i brat. Fabijan i Nikola, tradicionalni ljudi \u010dvrstih na\u010dela kojima je obitelj na prvom mjestu, nikada nisu prihvatili \u010dovjeka koji im je u\u0161ao u \u017eivote i razorio sve u \u0161to su vjerovali. No, istina je [&hellip;]","og_url":"https:\/\/webknjizara.hr\/proizvod\/nestao-strani-drzavljanin-ivana-miletic\/","og_site_name":"Web-knji\u017eara","article_modified_time":"2026-04-24T23:12:12+00:00","og_image":[{"width":300,"height":419,"url":"https:\/\/webknjizara.hr\/wp-content\/uploads\/2026\/04\/Ivana_Miletic_Nestao_strani_drzavljanin_webknjizara_redak_WEB_1851.jpg","type":"image\/jpeg"}],"twitter_card":"summary_large_image","twitter_misc":{"Est. reading time":"2 minutes"},"schema":{"@context":"https:\/\/schema.org","@graph":[{"@type":"WebPage","@id":"https:\/\/webknjizara.hr\/proizvod\/nestao-strani-drzavljanin-ivana-miletic\/","url":"https:\/\/webknjizara.hr\/proizvod\/nestao-strani-drzavljanin-ivana-miletic\/","name":"NESTAO STRANI DR\u017dAVLJANIN, Ivana Mileti\u0107 - Web-knji\u017eara","isPartOf":{"@id":"https:\/\/webknjizara.hr\/#website"},"primaryImageOfPage":{"@id":"https:\/\/webknjizara.hr\/proizvod\/nestao-strani-drzavljanin-ivana-miletic\/#primaryimage"},"image":{"@id":"https:\/\/webknjizara.hr\/proizvod\/nestao-strani-drzavljanin-ivana-miletic\/#primaryimage"},"thumbnailUrl":"https:\/\/webknjizara.hr\/wp-content\/uploads\/2026\/04\/Ivana_Miletic_Nestao_strani_drzavljanin_webknjizara_redak_WEB_1851.jpg","datePublished":"2026-04-24T23:12:11+00:00","dateModified":"2026-04-24T23:12:12+00:00","breadcrumb":{"@id":"https:\/\/webknjizara.hr\/proizvod\/nestao-strani-drzavljanin-ivana-miletic\/#breadcrumb"},"inLanguage":"en-US","potentialAction":[{"@type":"ReadAction","target":["https:\/\/webknjizara.hr\/proizvod\/nestao-strani-drzavljanin-ivana-miletic\/"]}]},{"@type":"ImageObject","inLanguage":"en-US","@id":"https:\/\/webknjizara.hr\/proizvod\/nestao-strani-drzavljanin-ivana-miletic\/#primaryimage","url":"https:\/\/webknjizara.hr\/wp-content\/uploads\/2026\/04\/Ivana_Miletic_Nestao_strani_drzavljanin_webknjizara_redak_WEB_1851.jpg","contentUrl":"https:\/\/webknjizara.hr\/wp-content\/uploads\/2026\/04\/Ivana_Miletic_Nestao_strani_drzavljanin_webknjizara_redak_WEB_1851.jpg","width":300,"height":419,"caption":"NESTAO STRANI DR\u017dAVLJANIN, Ivana Mileti\u0107"},{"@type":"BreadcrumbList","@id":"https:\/\/webknjizara.hr\/proizvod\/nestao-strani-drzavljanin-ivana-miletic\/#breadcrumb","itemListElement":[{"@type":"ListItem","position":1,"name":"Po\u010detna stranica","item":"https:\/\/webknjizara.hr\/en\/"},{"@type":"ListItem","position":2,"name":"Shop","item":"https:\/\/webknjizara.hr\/shop\/"},{"@type":"ListItem","position":3,"name":"NESTAO STRANI DR\u017dAVLJANIN, Ivana Mileti\u0107"}]},{"@type":"WebSite","@id":"https:\/\/webknjizara.hr\/#website","url":"https:\/\/webknjizara.hr\/","name":"Web Knji\u017eara","description":"","publisher":{"@id":"https:\/\/webknjizara.hr\/#organization"},"potentialAction":[{"@type":"SearchAction","target":{"@type":"EntryPoint","urlTemplate":"https:\/\/webknjizara.hr\/?s={search_term_string}"},"query-input":{"@type":"PropertyValueSpecification","valueRequired":true,"valueName":"search_term_string"}}],"inLanguage":"en-US"},{"@type":"Organization","@id":"https:\/\/webknjizara.hr\/#organization","name":"REDAK D.O.O.","url":"https:\/\/webknjizara.hr\/","logo":{"@type":"ImageObject","inLanguage":"en-US","@id":"https:\/\/webknjizara.hr\/#\/schema\/logo\/image\/","url":"https:\/\/webknjizara.hr\/wp-content\/uploads\/2023\/01\/web-knjizara-logo.webp","contentUrl":"https:\/\/webknjizara.hr\/wp-content\/uploads\/2023\/01\/web-knjizara-logo.webp","width":324,"height":79,"caption":"REDAK D.O.O."},"image":{"@id":"https:\/\/webknjizara.hr\/#\/schema\/logo\/image\/"}}]}},"_links":{"self":[{"href":"https:\/\/webknjizara.hr\/en\/wp-json\/wp\/v2\/product\/21705","targetHints":{"allow":["GET"]}}],"collection":[{"href":"https:\/\/webknjizara.hr\/en\/wp-json\/wp\/v2\/product"}],"about":[{"href":"https:\/\/webknjizara.hr\/en\/wp-json\/wp\/v2\/types\/product"}],"replies":[{"embeddable":true,"href":"https:\/\/webknjizara.hr\/en\/wp-json\/wp\/v2\/comments?post=21705"}],"wp:featuredmedia":[{"embeddable":true,"href":"https:\/\/webknjizara.hr\/en\/wp-json\/wp\/v2\/media\/21706"}],"wp:attachment":[{"href":"https:\/\/webknjizara.hr\/en\/wp-json\/wp\/v2\/media?parent=21705"}],"wp:term":[{"taxonomy":"product_brand","embeddable":true,"href":"https:\/\/webknjizara.hr\/en\/wp-json\/wp\/v2\/product_brand?post=21705"},{"taxonomy":"product_cat","embeddable":true,"href":"https:\/\/webknjizara.hr\/en\/wp-json\/wp\/v2\/product_cat?post=21705"},{"taxonomy":"product_tag","embeddable":true,"href":"https:\/\/webknjizara.hr\/en\/wp-json\/wp\/v2\/product_tag?post=21705"}],"curies":[{"name":"wp","href":"https:\/\/api.w.org\/{rel}","templated":true}]}}