{"id":21662,"date":"2026-04-22T18:06:46","date_gmt":"2026-04-22T16:06:46","guid":{"rendered":"https:\/\/webknjizara.hr\/?post_type=product&#038;p=21662"},"modified":"2026-04-22T18:22:37","modified_gmt":"2026-04-22T16:22:37","slug":"kada-se-nebo-previdi-igor-papic","status":"publish","type":"product","link":"https:\/\/webknjizara.hr\/en\/proizvod\/kada-se-nebo-previdi-igor-papic\/","title":{"rendered":"KADA SE NEBO PREVIDI, Igor Papi\u0107"},"content":{"rendered":"<p class=\"western\" lang=\"hr-HR\">Da bi svoju su\u0161tinu do\u017eivjeli u punome sjaju, potrebno je da la\u017enost iluzornog ja bude u potpunosti otkrivena. U potpunosti otkriti zna\u010di utvrditi \u010dinjenice na na\u010din da nakon temeljite istrage ne ostaje ni najmanja sumnja u njen rezultat. Klju\u010dni je dokaz kada se prepozna stvarni vlasnik ukradenog identiteta koji je bio previ\u0111en, skriven. Kopija pokraj originala trenutno gubi la\u017eni sjaj, postaje nevidljiva. Tek kada u potpunosti otkrijemo \u0161to nismo, tada se ono \u0161to jesmo samo otkriva.<\/p>\n<p class=\"western\" lang=\"hr-HR\"><span style=\"font-family: Arial, sans-serif;\"><b>Bilje\u0161ka o autoru: <\/b><\/span><\/p>\n<p class=\"western\" lang=\"es-ES\">Igor Papi\u0107 ro\u0111en je u Splitu. Zavr\u0161io je Matemati\u010dku gimnaziju i srednju Glazbenu \u0161kolu &#8221;Josip Hatze&#8221;, a potom i Medicinski fakultet Sveu\u010dili\u0161ta u Zagrebu, Studij u Splitu. Kao specijalist \u0161kolske medicine radi u Slu\u017ebi za \u0161kolsku i sveu\u010dili\u0161nu medicinu u Splitu pri Nastavnom zavodu za javno zdravstvo Splitsko dalmatinske \u017eupanije. Djeluje i kao stru\u010dni suradnik pri Katedri za pedijatriju Medicinskog fakulteta u Splitu.-Ure\u0111ivao je i vodio radijsku emisiju &#8221;Mentalna higijena&#8221;, a koja je bila potaknuta sve u\u010destalijim psiholo\u0161kim te\u0161ko\u0107ama kod djece i odraslih. Pisao je \u010dlanke za medicinske \u010dasopise u kojima je obra\u0111ivao istu tematiku. Posljednjih godina pokre\u0107e ciklus predavanja pod nazivom &#8221; Praktikum emocionalnog zdravlja&#8221;, poku\u0161av\u0161i ponuditi druk\u010diji pogled u suo\u010davanju i rje\u0161avanju emocionalnih te\u0161ko\u0107a. Pored predavanja pru\u017ea individualnu psiholo\u0161ku podr\u0161ku djeci i roditeljima.<\/p>\n<p class=\"western\"><span style=\"font-family: Arial, sans-serif;\"><span lang=\"hr-HR\"><b>Klju\u010dne rije\u010di: <\/b><\/span><\/span><span lang=\"hr-HR\">Ego, iluzija odvojenosti, svjesnost, prisutnost, um, misli, bolne emocije, pa\u017enja, pogre\u0161no poistovje\u0107ivanje, izravno iskustvo, samoispitivanje, utvr\u0111ivanje \u010dinjenica, istra\u017eivanje, prepoznavanje, iz dje\u010djeg ugla<\/span><\/p>\n<p class=\"western\"><span style=\"font-family: Arial, sans-serif;\"><span lang=\"hr-HR\"><b>E-mail: <\/b><a href=\"mailto:ipapic.dr@gmail.com\"><span style=\"color: #000000;\">Igor Papi\u0107<\/span><\/a><\/span><\/span><\/p>\n<p class=\"western\"><strong><span style=\"font-family: Arial, sans-serif;\"><span lang=\"hr-HR\">Naslov: <\/span><\/span><\/strong><span style=\"font-family: Arial, sans-serif;\">Kada se nebo previdi<\/span><span style=\"font-family: Arial, sans-serif;\"><span lang=\"hr-HR\"><br \/>\n<\/span><\/span><strong><span style=\"font-family: Arial, sans-serif;\"><span lang=\"hr-HR\">Autor:<\/span><\/span><\/strong> <span style=\"font-family: Arial, sans-serif;\">Igor Papi\u0107<\/span><span style=\"font-family: Arial, sans-serif;\"><span lang=\"hr-HR\"><br \/>\n<\/span><\/span><strong><span style=\"font-family: Arial, sans-serif;\"><span lang=\"hr-HR\">Broj stranica: <\/span><\/span><\/strong><span style=\"font-family: Arial, sans-serif;\"><span lang=\"en-US\">88<\/span><\/span><span style=\"font-family: Arial, sans-serif;\"><span lang=\"hr-HR\"><br \/>\n<\/span><\/span><strong><span style=\"font-family: Arial, sans-serif;\"><span lang=\"hr-HR\">Nakladnik: <\/span><\/span><\/strong><span style=\"font-family: Arial, sans-serif;\">Vlastita naklada<\/span><span style=\"font-family: Arial, sans-serif;\"><span lang=\"hr-HR\"><br \/>\n<\/span><\/span><strong><span style=\"font-family: Arial, sans-serif;\"><span lang=\"hr-HR\">Godina izdanja: <\/span><\/span><\/strong><span style=\"font-family: Arial, sans-serif;\">2026.<\/span><strong><span style=\"font-family: Arial, sans-serif;\"><span lang=\"hr-HR\"><br \/>\n<\/span><\/span><\/strong><strong><span style=\"font-family: Arial, sans-serif;\"><span lang=\"hr-HR\">ISBN:<\/span><\/span><\/strong> <span style=\"font-family: Arial, sans-serif;\">978-953-47003-0-3<\/span><span style=\"font-family: Arial, sans-serif;\"><span lang=\"hr-HR\"><br \/>\n<\/span><\/span><strong><span style=\"font-family: Arial, sans-serif;\"><span lang=\"hr-HR\">Tisak:<\/span><\/span><\/strong><span style=\"font-family: Arial, sans-serif;\"><span lang=\"hr-HR\"> digitalni tisak knjiga &#8211; print na zahtjev<\/span><\/span><\/p>\n","protected":false},"excerpt":{"rendered":"<p>Da bi svoju su\u0161tinu do\u017eivjeli u punome sjaju, potrebno je da la\u017enost iluzornog ja bude u potpunosti otkrivena. U potpunosti otkriti zna\u010di utvrditi \u010dinjenice na na\u010din da nakon temeljite istrage ne ostaje ni najmanja sumnja u njen rezultat. Klju\u010dni je dokaz kada se prepozna stvarni vlasnik ukradenog identiteta koji je bio previ\u0111en, skriven. Kopija pokraj [&hellip;]<\/p>\n","protected":false},"featured_media":21663,"comment_status":"open","ping_status":"closed","template":"","meta":{"_acf_changed":false},"product_brand":[],"product_cat":[2528,1420],"product_tag":[],"class_list":{"0":"post-21662","1":"product","2":"type-product","3":"status-publish","4":"has-post-thumbnail","6":"product_cat-duhovnost","7":"product_cat-psihologija","8":"pa_autor-igor-papic","9":"pa_nakladnik-vlastita-naklada","11":"first","12":"instock","13":"shipping-taxable","14":"purchasable","15":"product-type-simple"},"acf":[],"yoast_head":"<!-- This site is optimized with the Yoast SEO plugin v27.3 - https:\/\/yoast.com\/product\/yoast-seo-wordpress\/ -->\n<title>KADA SE NEBO PREVIDI, Igor Papi\u0107 - Web-knji\u017eara<\/title>\n<meta name=\"robots\" content=\"index, follow, max-snippet:-1, max-image-preview:large, max-video-preview:-1\" \/>\n<link rel=\"canonical\" href=\"https:\/\/webknjizara.hr\/proizvod\/kada-se-nebo-previdi-igor-papic\/\" \/>\n<meta property=\"og:locale\" content=\"en_US\" \/>\n<meta property=\"og:type\" content=\"article\" \/>\n<meta property=\"og:title\" content=\"KADA SE NEBO PREVIDI, Igor Papi\u0107 - Web-knji\u017eara\" \/>\n<meta property=\"og:description\" content=\"Da bi svoju su\u0161tinu do\u017eivjeli u punome sjaju, potrebno je da la\u017enost iluzornog ja bude u potpunosti otkrivena. U potpunosti otkriti zna\u010di utvrditi \u010dinjenice na na\u010din da nakon temeljite istrage ne ostaje ni najmanja sumnja u njen rezultat. Klju\u010dni je dokaz kada se prepozna stvarni vlasnik ukradenog identiteta koji je bio previ\u0111en, skriven. Kopija pokraj [&hellip;]\" \/>\n<meta property=\"og:url\" content=\"https:\/\/webknjizara.hr\/proizvod\/kada-se-nebo-previdi-igor-papic\/\" \/>\n<meta property=\"og:site_name\" content=\"Web-knji\u017eara\" \/>\n<meta property=\"article:modified_time\" content=\"2026-04-22T16:22:37+00:00\" \/>\n<meta property=\"og:image\" content=\"https:\/\/webknjizara.hr\/wp-content\/uploads\/2026\/04\/Igor_Papic_Kada_se_nebo_previdi_webknjizara_redak_WEB_1848.jpg\" \/>\n\t<meta property=\"og:image:width\" content=\"300\" \/>\n\t<meta property=\"og:image:height\" content=\"419\" \/>\n\t<meta property=\"og:image:type\" content=\"image\/jpeg\" \/>\n<meta name=\"twitter:card\" content=\"summary_large_image\" \/>\n<meta name=\"twitter:label1\" content=\"Est. reading time\" \/>\n\t<meta name=\"twitter:data1\" content=\"2 minutes\" \/>\n<script type=\"application\/ld+json\" class=\"yoast-schema-graph\">{\"@context\":\"https:\\\/\\\/schema.org\",\"@graph\":[{\"@type\":\"WebPage\",\"@id\":\"https:\\\/\\\/webknjizara.hr\\\/proizvod\\\/kada-se-nebo-previdi-igor-papic\\\/\",\"url\":\"https:\\\/\\\/webknjizara.hr\\\/proizvod\\\/kada-se-nebo-previdi-igor-papic\\\/\",\"name\":\"KADA SE NEBO PREVIDI, Igor Papi\u0107 - Web-knji\u017eara\",\"isPartOf\":{\"@id\":\"https:\\\/\\\/webknjizara.hr\\\/#website\"},\"primaryImageOfPage\":{\"@id\":\"https:\\\/\\\/webknjizara.hr\\\/proizvod\\\/kada-se-nebo-previdi-igor-papic\\\/#primaryimage\"},\"image\":{\"@id\":\"https:\\\/\\\/webknjizara.hr\\\/proizvod\\\/kada-se-nebo-previdi-igor-papic\\\/#primaryimage\"},\"thumbnailUrl\":\"https:\\\/\\\/webknjizara.hr\\\/wp-content\\\/uploads\\\/2026\\\/04\\\/Igor_Papic_Kada_se_nebo_previdi_webknjizara_redak_WEB_1848.jpg\",\"datePublished\":\"2026-04-22T16:06:46+00:00\",\"dateModified\":\"2026-04-22T16:22:37+00:00\",\"breadcrumb\":{\"@id\":\"https:\\\/\\\/webknjizara.hr\\\/proizvod\\\/kada-se-nebo-previdi-igor-papic\\\/#breadcrumb\"},\"inLanguage\":\"en-US\",\"potentialAction\":[{\"@type\":\"ReadAction\",\"target\":[\"https:\\\/\\\/webknjizara.hr\\\/proizvod\\\/kada-se-nebo-previdi-igor-papic\\\/\"]}]},{\"@type\":\"ImageObject\",\"inLanguage\":\"en-US\",\"@id\":\"https:\\\/\\\/webknjizara.hr\\\/proizvod\\\/kada-se-nebo-previdi-igor-papic\\\/#primaryimage\",\"url\":\"https:\\\/\\\/webknjizara.hr\\\/wp-content\\\/uploads\\\/2026\\\/04\\\/Igor_Papic_Kada_se_nebo_previdi_webknjizara_redak_WEB_1848.jpg\",\"contentUrl\":\"https:\\\/\\\/webknjizara.hr\\\/wp-content\\\/uploads\\\/2026\\\/04\\\/Igor_Papic_Kada_se_nebo_previdi_webknjizara_redak_WEB_1848.jpg\",\"width\":300,\"height\":419,\"caption\":\"KADA SE NEBO PREVIDI, Igor Papi\u0107\"},{\"@type\":\"BreadcrumbList\",\"@id\":\"https:\\\/\\\/webknjizara.hr\\\/proizvod\\\/kada-se-nebo-previdi-igor-papic\\\/#breadcrumb\",\"itemListElement\":[{\"@type\":\"ListItem\",\"position\":1,\"name\":\"Po\u010detna stranica\",\"item\":\"https:\\\/\\\/webknjizara.hr\\\/en\\\/\"},{\"@type\":\"ListItem\",\"position\":2,\"name\":\"Shop\",\"item\":\"https:\\\/\\\/webknjizara.hr\\\/shop\\\/\"},{\"@type\":\"ListItem\",\"position\":3,\"name\":\"KADA SE NEBO PREVIDI, Igor Papi\u0107\"}]},{\"@type\":\"WebSite\",\"@id\":\"https:\\\/\\\/webknjizara.hr\\\/#website\",\"url\":\"https:\\\/\\\/webknjizara.hr\\\/\",\"name\":\"Web Knji\u017eara\",\"description\":\"\",\"publisher\":{\"@id\":\"https:\\\/\\\/webknjizara.hr\\\/#organization\"},\"potentialAction\":[{\"@type\":\"SearchAction\",\"target\":{\"@type\":\"EntryPoint\",\"urlTemplate\":\"https:\\\/\\\/webknjizara.hr\\\/?s={search_term_string}\"},\"query-input\":{\"@type\":\"PropertyValueSpecification\",\"valueRequired\":true,\"valueName\":\"search_term_string\"}}],\"inLanguage\":\"en-US\"},{\"@type\":\"Organization\",\"@id\":\"https:\\\/\\\/webknjizara.hr\\\/#organization\",\"name\":\"REDAK D.O.O.\",\"url\":\"https:\\\/\\\/webknjizara.hr\\\/\",\"logo\":{\"@type\":\"ImageObject\",\"inLanguage\":\"en-US\",\"@id\":\"https:\\\/\\\/webknjizara.hr\\\/#\\\/schema\\\/logo\\\/image\\\/\",\"url\":\"https:\\\/\\\/webknjizara.hr\\\/wp-content\\\/uploads\\\/2023\\\/01\\\/web-knjizara-logo.webp\",\"contentUrl\":\"https:\\\/\\\/webknjizara.hr\\\/wp-content\\\/uploads\\\/2023\\\/01\\\/web-knjizara-logo.webp\",\"width\":324,\"height\":79,\"caption\":\"REDAK D.O.O.\"},\"image\":{\"@id\":\"https:\\\/\\\/webknjizara.hr\\\/#\\\/schema\\\/logo\\\/image\\\/\"}}]}<\/script>\n<!-- \/ Yoast SEO plugin. -->","yoast_head_json":{"title":"KADA SE NEBO PREVIDI, Igor Papi\u0107 - Web-knji\u017eara","robots":{"index":"index","follow":"follow","max-snippet":"max-snippet:-1","max-image-preview":"max-image-preview:large","max-video-preview":"max-video-preview:-1"},"canonical":"https:\/\/webknjizara.hr\/proizvod\/kada-se-nebo-previdi-igor-papic\/","og_locale":"en_US","og_type":"article","og_title":"KADA SE NEBO PREVIDI, Igor Papi\u0107 - Web-knji\u017eara","og_description":"Da bi svoju su\u0161tinu do\u017eivjeli u punome sjaju, potrebno je da la\u017enost iluzornog ja bude u potpunosti otkrivena. U potpunosti otkriti zna\u010di utvrditi \u010dinjenice na na\u010din da nakon temeljite istrage ne ostaje ni najmanja sumnja u njen rezultat. Klju\u010dni je dokaz kada se prepozna stvarni vlasnik ukradenog identiteta koji je bio previ\u0111en, skriven. Kopija pokraj [&hellip;]","og_url":"https:\/\/webknjizara.hr\/proizvod\/kada-se-nebo-previdi-igor-papic\/","og_site_name":"Web-knji\u017eara","article_modified_time":"2026-04-22T16:22:37+00:00","og_image":[{"width":300,"height":419,"url":"https:\/\/webknjizara.hr\/wp-content\/uploads\/2026\/04\/Igor_Papic_Kada_se_nebo_previdi_webknjizara_redak_WEB_1848.jpg","type":"image\/jpeg"}],"twitter_card":"summary_large_image","twitter_misc":{"Est. reading time":"2 minutes"},"schema":{"@context":"https:\/\/schema.org","@graph":[{"@type":"WebPage","@id":"https:\/\/webknjizara.hr\/proizvod\/kada-se-nebo-previdi-igor-papic\/","url":"https:\/\/webknjizara.hr\/proizvod\/kada-se-nebo-previdi-igor-papic\/","name":"KADA SE NEBO PREVIDI, Igor Papi\u0107 - Web-knji\u017eara","isPartOf":{"@id":"https:\/\/webknjizara.hr\/#website"},"primaryImageOfPage":{"@id":"https:\/\/webknjizara.hr\/proizvod\/kada-se-nebo-previdi-igor-papic\/#primaryimage"},"image":{"@id":"https:\/\/webknjizara.hr\/proizvod\/kada-se-nebo-previdi-igor-papic\/#primaryimage"},"thumbnailUrl":"https:\/\/webknjizara.hr\/wp-content\/uploads\/2026\/04\/Igor_Papic_Kada_se_nebo_previdi_webknjizara_redak_WEB_1848.jpg","datePublished":"2026-04-22T16:06:46+00:00","dateModified":"2026-04-22T16:22:37+00:00","breadcrumb":{"@id":"https:\/\/webknjizara.hr\/proizvod\/kada-se-nebo-previdi-igor-papic\/#breadcrumb"},"inLanguage":"en-US","potentialAction":[{"@type":"ReadAction","target":["https:\/\/webknjizara.hr\/proizvod\/kada-se-nebo-previdi-igor-papic\/"]}]},{"@type":"ImageObject","inLanguage":"en-US","@id":"https:\/\/webknjizara.hr\/proizvod\/kada-se-nebo-previdi-igor-papic\/#primaryimage","url":"https:\/\/webknjizara.hr\/wp-content\/uploads\/2026\/04\/Igor_Papic_Kada_se_nebo_previdi_webknjizara_redak_WEB_1848.jpg","contentUrl":"https:\/\/webknjizara.hr\/wp-content\/uploads\/2026\/04\/Igor_Papic_Kada_se_nebo_previdi_webknjizara_redak_WEB_1848.jpg","width":300,"height":419,"caption":"KADA SE NEBO PREVIDI, Igor Papi\u0107"},{"@type":"BreadcrumbList","@id":"https:\/\/webknjizara.hr\/proizvod\/kada-se-nebo-previdi-igor-papic\/#breadcrumb","itemListElement":[{"@type":"ListItem","position":1,"name":"Po\u010detna stranica","item":"https:\/\/webknjizara.hr\/en\/"},{"@type":"ListItem","position":2,"name":"Shop","item":"https:\/\/webknjizara.hr\/shop\/"},{"@type":"ListItem","position":3,"name":"KADA SE NEBO PREVIDI, Igor Papi\u0107"}]},{"@type":"WebSite","@id":"https:\/\/webknjizara.hr\/#website","url":"https:\/\/webknjizara.hr\/","name":"Web Knji\u017eara","description":"","publisher":{"@id":"https:\/\/webknjizara.hr\/#organization"},"potentialAction":[{"@type":"SearchAction","target":{"@type":"EntryPoint","urlTemplate":"https:\/\/webknjizara.hr\/?s={search_term_string}"},"query-input":{"@type":"PropertyValueSpecification","valueRequired":true,"valueName":"search_term_string"}}],"inLanguage":"en-US"},{"@type":"Organization","@id":"https:\/\/webknjizara.hr\/#organization","name":"REDAK D.O.O.","url":"https:\/\/webknjizara.hr\/","logo":{"@type":"ImageObject","inLanguage":"en-US","@id":"https:\/\/webknjizara.hr\/#\/schema\/logo\/image\/","url":"https:\/\/webknjizara.hr\/wp-content\/uploads\/2023\/01\/web-knjizara-logo.webp","contentUrl":"https:\/\/webknjizara.hr\/wp-content\/uploads\/2023\/01\/web-knjizara-logo.webp","width":324,"height":79,"caption":"REDAK D.O.O."},"image":{"@id":"https:\/\/webknjizara.hr\/#\/schema\/logo\/image\/"}}]}},"_links":{"self":[{"href":"https:\/\/webknjizara.hr\/en\/wp-json\/wp\/v2\/product\/21662","targetHints":{"allow":["GET"]}}],"collection":[{"href":"https:\/\/webknjizara.hr\/en\/wp-json\/wp\/v2\/product"}],"about":[{"href":"https:\/\/webknjizara.hr\/en\/wp-json\/wp\/v2\/types\/product"}],"replies":[{"embeddable":true,"href":"https:\/\/webknjizara.hr\/en\/wp-json\/wp\/v2\/comments?post=21662"}],"wp:featuredmedia":[{"embeddable":true,"href":"https:\/\/webknjizara.hr\/en\/wp-json\/wp\/v2\/media\/21663"}],"wp:attachment":[{"href":"https:\/\/webknjizara.hr\/en\/wp-json\/wp\/v2\/media?parent=21662"}],"wp:term":[{"taxonomy":"product_brand","embeddable":true,"href":"https:\/\/webknjizara.hr\/en\/wp-json\/wp\/v2\/product_brand?post=21662"},{"taxonomy":"product_cat","embeddable":true,"href":"https:\/\/webknjizara.hr\/en\/wp-json\/wp\/v2\/product_cat?post=21662"},{"taxonomy":"product_tag","embeddable":true,"href":"https:\/\/webknjizara.hr\/en\/wp-json\/wp\/v2\/product_tag?post=21662"}],"curies":[{"name":"wp","href":"https:\/\/api.w.org\/{rel}","templated":true}]}}